{"id":1976,"date":"2023-10-26T08:40:23","date_gmt":"2023-10-26T08:40:23","guid":{"rendered":"https:\/\/anteriores.premiosdelaindustria.es\/2023\/?page_id=1976"},"modified":"2024-04-16T14:24:03","modified_gmt":"2024-04-16T14:24:03","slug":"alfonso-jimenez-y-francisco-iglesias","status":"publish","type":"page","link":"https:\/\/anteriores.premiosdelaindustria.es\/2023\/inicio\/alfonso-jimenez-y-francisco-iglesias\/","title":{"rendered":"Alfonso Jim\u00e9nez y Francisco Iglesias"},"content":{"rendered":"\t\t<div data-elementor-type=\"wp-page\" data-elementor-id=\"1976\" class=\"elementor elementor-1976\" data-elementor-post-type=\"page\">\n\t\t\t\t\t\t<section class=\"ob-is-breaking-bad elementor-section elementor-top-section elementor-element elementor-element-c02f949 elementor-section-height-min-height elementor-section-boxed elementor-section-height-default elementor-section-items-middle\" data-id=\"c02f949\" data-element_type=\"section\" data-settings=\"{&quot;background_background&quot;:&quot;classic&quot;,&quot;_ob_bbad_use_it&quot;:&quot;yes&quot;,&quot;_ob_bbad_sssic_use&quot;:&quot;no&quot;,&quot;_ob_glider_is_slider&quot;:&quot;no&quot;}\">\n\t\t\t\t\t\t<div class=\"elementor-container elementor-column-gap-default\">\n\t\t\t\t\t<div class=\"elementor-column elementor-col-100 elementor-top-column elementor-element elementor-element-509a515\" data-id=\"509a515\" data-element_type=\"column\" data-settings=\"{&quot;_ob_bbad_is_stalker&quot;:&quot;no&quot;,&quot;_ob_teleporter_use&quot;:false,&quot;_ob_column_hoveranimator&quot;:&quot;no&quot;,&quot;_ob_column_has_pseudo&quot;:&quot;no&quot;}\">\n\t\t\t<div class=\"elementor-widget-wrap elementor-element-populated\">\n\t\t\t\t\t\t<section class=\"ob-is-breaking-bad ob-bb-inner elementor-section elementor-inner-section elementor-element elementor-element-d8aeb09 elementor-section-boxed elementor-section-height-default elementor-section-height-default\" data-id=\"d8aeb09\" data-element_type=\"section\" data-settings=\"{&quot;_ob_bbad_use_it&quot;:&quot;yes&quot;,&quot;_ob_bbad_sssic_use&quot;:&quot;no&quot;,&quot;_ob_glider_is_slider&quot;:&quot;no&quot;}\">\n\t\t\t\t\t\t<div class=\"elementor-container elementor-column-gap-default\">\n\t\t\t\t\t<div class=\"elementor-column elementor-col-100 elementor-inner-column elementor-element elementor-element-6b014dc\" data-id=\"6b014dc\" data-element_type=\"column\" data-settings=\"{&quot;_ob_bbad_is_stalker&quot;:&quot;no&quot;,&quot;_ob_teleporter_use&quot;:false,&quot;_ob_column_hoveranimator&quot;:&quot;no&quot;,&quot;_ob_column_has_pseudo&quot;:&quot;no&quot;}\">\n\t\t\t<div class=\"elementor-widget-wrap elementor-element-populated\">\n\t\t\t\t\t\t<div class=\"elementor-element elementor-element-d11bbec ob-harakiri-inherit ob-has-background-overlay elementor-widget elementor-widget-text-editor\" data-id=\"d11bbec\" data-element_type=\"widget\" data-settings=\"{&quot;_ob_use_harakiri&quot;:&quot;yes&quot;,&quot;_ob_harakiri_writing_mode&quot;:&quot;inherit&quot;,&quot;_ob_postman_use&quot;:&quot;no&quot;,&quot;_ob_perspektive_use&quot;:&quot;no&quot;,&quot;_ob_poopart_use&quot;:&quot;yes&quot;,&quot;_ob_shadough_use&quot;:&quot;no&quot;,&quot;_ob_allow_hoveranimator&quot;:&quot;no&quot;,&quot;_ob_widget_stalker_use&quot;:&quot;no&quot;}\" data-widget_type=\"text-editor.default\">\n\t\t\t\t<div class=\"elementor-widget-container\">\n\t\t\t<style>\/*! elementor - v3.19.0 - 29-01-2024 *\/\n.elementor-widget-text-editor.elementor-drop-cap-view-stacked .elementor-drop-cap{background-color:#69727d;color:#fff}.elementor-widget-text-editor.elementor-drop-cap-view-framed .elementor-drop-cap{color:#69727d;border:3px solid;background-color:transparent}.elementor-widget-text-editor:not(.elementor-drop-cap-view-default) .elementor-drop-cap{margin-top:8px}.elementor-widget-text-editor:not(.elementor-drop-cap-view-default) .elementor-drop-cap-letter{width:1em;height:1em}.elementor-widget-text-editor .elementor-drop-cap{float:left;text-align:center;line-height:1;font-size:50px}.elementor-widget-text-editor .elementor-drop-cap-letter{display:inline-block}<\/style>\t\t\t\t<p>trayectoria profesional<\/p>\t\t\t\t\t\t<\/div>\n\t\t\t\t<\/div>\n\t\t\t\t\t<\/div>\n\t\t<\/div>\n\t\t\t\t\t<\/div>\n\t\t<\/section>\n\t\t\t\t\t<\/div>\n\t\t<\/div>\n\t\t\t\t\t<\/div>\n\t\t<\/section>\n\t\t\t\t<section class=\"ob-is-breaking-bad elementor-section elementor-top-section elementor-element elementor-element-0c1ef02 elementor-section-full_width elementor-section-height-default elementor-section-height-default\" data-id=\"0c1ef02\" data-element_type=\"section\" data-settings=\"{&quot;background_background&quot;:&quot;classic&quot;,&quot;_ob_bbad_use_it&quot;:&quot;yes&quot;,&quot;_ob_bbad_sssic_use&quot;:&quot;no&quot;,&quot;_ob_glider_is_slider&quot;:&quot;no&quot;}\">\n\t\t\t\t\t\t<div class=\"elementor-container elementor-column-gap-default\">\n\t\t\t\t\t<div class=\"elementor-column elementor-col-100 elementor-top-column elementor-element elementor-element-6434648\" data-id=\"6434648\" data-element_type=\"column\" data-settings=\"{&quot;_ob_bbad_is_stalker&quot;:&quot;no&quot;,&quot;_ob_teleporter_use&quot;:false,&quot;_ob_column_hoveranimator&quot;:&quot;no&quot;,&quot;_ob_column_has_pseudo&quot;:&quot;no&quot;}\">\n\t\t\t<div class=\"elementor-widget-wrap elementor-element-populated\">\n\t\t\t\t\t\t<section class=\"ob-is-breaking-bad ob-bb-inner elementor-section elementor-inner-section elementor-element elementor-element-931339f elementor-section-boxed elementor-section-height-default elementor-section-height-default\" data-id=\"931339f\" data-element_type=\"section\" data-settings=\"{&quot;_ob_bbad_use_it&quot;:&quot;yes&quot;,&quot;_ob_bbad_sssic_use&quot;:&quot;no&quot;,&quot;_ob_glider_is_slider&quot;:&quot;no&quot;}\">\n\t\t\t\t\t\t<div class=\"elementor-container elementor-column-gap-default\">\n\t\t\t\t\t<div class=\"elementor-column elementor-col-100 elementor-inner-column elementor-element elementor-element-d0634a4\" data-id=\"d0634a4\" data-element_type=\"column\" data-settings=\"{&quot;_ob_bbad_is_stalker&quot;:&quot;no&quot;,&quot;_ob_teleporter_use&quot;:false,&quot;_ob_column_hoveranimator&quot;:&quot;no&quot;,&quot;_ob_column_has_pseudo&quot;:&quot;no&quot;}\">\n\t\t\t<div class=\"elementor-widget-wrap elementor-element-populated\">\n\t\t\t\t\t\t<div class=\"elementor-element elementor-element-132de61 ob-has-background-overlay elementor-widget elementor-widget-image\" data-id=\"132de61\" data-element_type=\"widget\" data-settings=\"{&quot;_ob_photomorph_use&quot;:&quot;no&quot;,&quot;_ob_perspektive_use&quot;:&quot;no&quot;,&quot;_ob_poopart_use&quot;:&quot;yes&quot;,&quot;_ob_shadough_use&quot;:&quot;no&quot;,&quot;_ob_allow_hoveranimator&quot;:&quot;no&quot;,&quot;_ob_widget_stalker_use&quot;:&quot;no&quot;}\" data-widget_type=\"image.default\">\n\t\t\t\t<div class=\"elementor-widget-container\">\n\t\t\t<style>\/*! elementor - v3.19.0 - 29-01-2024 *\/\n.elementor-widget-image{text-align:center}.elementor-widget-image a{display:inline-block}.elementor-widget-image a img[src$=\".svg\"]{width:48px}.elementor-widget-image img{vertical-align:middle;display:inline-block}<\/style>\t\t\t\t\t\t\t\t\t\t<img fetchpriority=\"high\" decoding=\"async\" width=\"400\" height=\"400\" src=\"https:\/\/anteriores.premiosdelaindustria.es\/2023\/wp-content\/uploads\/sites\/13\/2023\/10\/7-Trayectoria-Premiado-2023.jpg\" class=\"attachment-full size-full wp-image-1771\" alt=\"\" srcset=\"https:\/\/anteriores.premiosdelaindustria.es\/2023\/wp-content\/uploads\/sites\/13\/2023\/10\/7-Trayectoria-Premiado-2023.jpg 400w, https:\/\/anteriores.premiosdelaindustria.es\/2023\/wp-content\/uploads\/sites\/13\/2023\/10\/7-Trayectoria-Premiado-2023-300x300.jpg 300w, https:\/\/anteriores.premiosdelaindustria.es\/2023\/wp-content\/uploads\/sites\/13\/2023\/10\/7-Trayectoria-Premiado-2023-150x150.jpg 150w\" sizes=\"(max-width: 400px) 100vw, 400px\" \/>\t\t\t\t\t\t\t\t\t\t\t\t\t<\/div>\n\t\t\t\t<\/div>\n\t\t\t\t\t<\/div>\n\t\t<\/div>\n\t\t\t\t\t<\/div>\n\t\t<\/section>\n\t\t\t\t<section class=\"ob-is-breaking-bad ob-bb-inner elementor-section elementor-inner-section elementor-element elementor-element-b23135c elementor-section-boxed elementor-section-height-default elementor-section-height-default\" data-id=\"b23135c\" data-element_type=\"section\" data-settings=\"{&quot;_ob_bbad_use_it&quot;:&quot;yes&quot;,&quot;_ob_bbad_sssic_use&quot;:&quot;no&quot;,&quot;_ob_glider_is_slider&quot;:&quot;no&quot;}\">\n\t\t\t\t\t\t<div class=\"elementor-container elementor-column-gap-default\">\n\t\t\t\t\t<div class=\"elementor-column elementor-col-50 elementor-inner-column elementor-element elementor-element-6f3c321\" data-id=\"6f3c321\" data-element_type=\"column\" data-settings=\"{&quot;background_background&quot;:&quot;classic&quot;,&quot;_ob_bbad_is_stalker&quot;:&quot;no&quot;,&quot;_ob_teleporter_use&quot;:false,&quot;_ob_column_hoveranimator&quot;:&quot;no&quot;,&quot;_ob_column_has_pseudo&quot;:&quot;no&quot;}\">\n\t\t\t<div class=\"elementor-widget-wrap elementor-element-populated\">\n\t\t\t\t\t\t<div class=\"elementor-element elementor-element-71a1701 ob-harakiri-inherit ob-has-background-overlay elementor-widget elementor-widget-text-editor\" data-id=\"71a1701\" data-element_type=\"widget\" data-settings=\"{&quot;_ob_use_harakiri&quot;:&quot;yes&quot;,&quot;_ob_harakiri_writing_mode&quot;:&quot;inherit&quot;,&quot;_ob_postman_use&quot;:&quot;no&quot;,&quot;_ob_perspektive_use&quot;:&quot;no&quot;,&quot;_ob_poopart_use&quot;:&quot;yes&quot;,&quot;_ob_shadough_use&quot;:&quot;no&quot;,&quot;_ob_allow_hoveranimator&quot;:&quot;no&quot;,&quot;_ob_widget_stalker_use&quot;:&quot;no&quot;}\" data-widget_type=\"text-editor.default\">\n\t\t\t\t<div class=\"elementor-widget-container\">\n\t\t\t\t\t\t\t<p>Alfonso Jim\u00e9nez y Francisco Iglesias<\/p>\t\t\t\t\t\t<\/div>\n\t\t\t\t<\/div>\n\t\t\t\t\t<\/div>\n\t\t<\/div>\n\t\t\t\t<div class=\"elementor-column elementor-col-50 elementor-inner-column elementor-element elementor-element-481a44f\" data-id=\"481a44f\" data-element_type=\"column\" data-settings=\"{&quot;_ob_bbad_is_stalker&quot;:&quot;no&quot;,&quot;_ob_teleporter_use&quot;:false,&quot;_ob_column_hoveranimator&quot;:&quot;no&quot;,&quot;_ob_column_has_pseudo&quot;:&quot;no&quot;}\">\n\t\t\t<div class=\"elementor-widget-wrap elementor-element-populated\">\n\t\t\t\t\t\t<div class=\"elementor-element elementor-element-aff77d7 ob-harakiri-inherit ob-has-background-overlay elementor-widget elementor-widget-text-editor\" data-id=\"aff77d7\" data-element_type=\"widget\" data-settings=\"{&quot;_ob_use_harakiri&quot;:&quot;yes&quot;,&quot;_ob_harakiri_writing_mode&quot;:&quot;inherit&quot;,&quot;_ob_postman_use&quot;:&quot;no&quot;,&quot;_ob_perspektive_use&quot;:&quot;no&quot;,&quot;_ob_poopart_use&quot;:&quot;yes&quot;,&quot;_ob_shadough_use&quot;:&quot;no&quot;,&quot;_ob_allow_hoveranimator&quot;:&quot;no&quot;,&quot;_ob_widget_stalker_use&quot;:&quot;no&quot;}\" data-widget_type=\"text-editor.default\">\n\t\t\t\t<div class=\"elementor-widget-container\">\n\t\t\t\t\t\t\t<p>Alfonso Jim\u00e9nez y Francisco Iglesias, socios fundadores de Cascajares, recibir\u00e1n sendos reconocimientos a sus trayectorias profesionales en los VI Premios de la Industria, en una gala que tendr\u00e1 lugar el pr\u00f3ximo 26 de octubre en el Auditorio del Centro Cultural Miguel Delibes de Valladolid. El jurado de los premios ha decidido conceder este galard\u00f3n a los responsables de la empresa dedicada a la transformaci\u00f3n y elaboraci\u00f3n de productos c\u00e1rnicos \u00abpor sus logros, relevancia, carisma y contribuci\u00f3n al desarrollo y progreso de la industria\u00bb.<\/p><p>Precisamente esta misma semana, Cascajares acaba de reabrir sus instalaciones en Due\u00f1as (Palencia) despu\u00e9s de que un incendio las destruyera el pasado 26 de enero de 2023. La desgracia sufrida les ha servido para \u201caprender\u201d y han conseguido levantar una nueva f\u00e1brica \u201cmoderna, productiva y segura\u201d en tiempo r\u00e9cord, apenas 9 meses despu\u00e9s del suceso. Y lo han hecho adem\u00e1s manteniendo a todos sus empleados y con la intenci\u00f3n de triplicar su producci\u00f3n.<\/p><p>Pero la historia de Cascajares comienza en 1992, cuando Alfonso Jim\u00e9nez y Francisco Iglesias decidieron emprender con apenas 19 a\u00f1os y crearon una peque\u00f1a empresa basada en la transformaci\u00f3n de productos agroalimentarios con muy pocos medios econ\u00f3micos pero muchas ganas de trabajar.<\/p><p>Desde entonces, la empresa no ha parado de crecer y de recibir reconocimientos, como el premio \u201cEmpresario del a\u00f1o de la provincia de Valladolid\u201d que le otorg\u00f3 la Escuela de Empresariales de la ciudad a Alfonso Jim\u00e9nez en 1998, o el Acc\u00e9sit a la Responsabilidad Social Corporativa que le otorg\u00f3 el entonces Pr\u00edncipe de Asturias dentro de los premios al mejor joven empresario de Espa\u00f1a.<\/p>\t\t\t\t\t\t<\/div>\n\t\t\t\t<\/div>\n\t\t\t\t\t<\/div>\n\t\t<\/div>\n\t\t\t\t\t<\/div>\n\t\t<\/section>\n\t\t\t\t\t<\/div>\n\t\t<\/div>\n\t\t\t\t\t<\/div>\n\t\t<\/section>\n\t\t\t\t<\/div>\n\t\t","protected":false},"excerpt":{"rendered":"<p>trayectoria profesional Alfonso Jim\u00e9nez y Francisco Iglesias Alfonso Jim\u00e9nez y Francisco Iglesias, socios fundadores de Cascajares, recibir\u00e1n sendos reconocimientos a sus trayectorias profesionales en los VI Premios de la Industria, en una gala que tendr\u00e1 lugar el pr\u00f3ximo 26 de octubre en el Auditorio del Centro Cultural Miguel Delibes de Valladolid. El jurado de los [&hellip;]<\/p>\n","protected":false},"author":6,"featured_media":0,"parent":1715,"menu_order":0,"comment_status":"closed","ping_status":"closed","template":"","meta":{"footnotes":""},"class_list":["post-1976","page","type-page","status-publish","hentry"],"yoast_head":"<!-- This site is optimized with the Yoast SEO plugin v20.6 - https:\/\/yoast.com\/wordpress\/plugins\/seo\/ -->\n<title>Premios de la Industria en Espa\u00f1a - Cascajares<\/title>\n<meta name=\"robots\" content=\"index, follow, max-snippet:-1, max-image-preview:large, max-video-preview:-1\" \/>\n<link rel=\"canonical\" href=\"https:\/\/anteriores.premiosdelaindustria.es\/2023\/inicio\/alfonso-jimenez-y-francisco-iglesias\/\" \/>\n<meta property=\"og:locale\" content=\"es_ES\" \/>\n<meta property=\"og:type\" content=\"article\" \/>\n<meta property=\"og:title\" content=\"Premios de la Industria en Espa\u00f1a - Cascajares\" \/>\n<meta property=\"og:description\" content=\"trayectoria profesional Alfonso Jim\u00e9nez y Francisco Iglesias Alfonso Jim\u00e9nez y Francisco Iglesias, socios fundadores de Cascajares, recibir\u00e1n sendos reconocimientos a sus trayectorias profesionales en los VI Premios de la Industria, en una gala que tendr\u00e1 lugar el pr\u00f3ximo 26 de octubre en el Auditorio del Centro Cultural Miguel Delibes de Valladolid. El jurado de los [&hellip;]\" \/>\n<meta property=\"og:url\" content=\"https:\/\/anteriores.premiosdelaindustria.es\/2023\/inicio\/alfonso-jimenez-y-francisco-iglesias\/\" \/>\n<meta property=\"og:site_name\" content=\"Premios de la Industria 2023\" \/>\n<meta property=\"article:modified_time\" content=\"2024-04-16T14:24:03+00:00\" \/>\n<meta property=\"og:image\" content=\"https:\/\/anteriores.premiosdelaindustria.es\/2023\/wp-content\/uploads\/sites\/13\/2023\/10\/7-Trayectoria-Premiado-2023.jpg\" \/>\n<meta name=\"twitter:card\" content=\"summary_large_image\" \/>\n<meta name=\"twitter:label1\" content=\"Tiempo de lectura\" \/>\n\t<meta name=\"twitter:data1\" content=\"2 minutos\" \/>\n<script type=\"application\/ld+json\" class=\"yoast-schema-graph\">{\"@context\":\"https:\/\/schema.org\",\"@graph\":[{\"@type\":\"WebPage\",\"@id\":\"https:\/\/anteriores.premiosdelaindustria.es\/2023\/inicio\/alfonso-jimenez-y-francisco-iglesias\/\",\"url\":\"https:\/\/anteriores.premiosdelaindustria.es\/2023\/inicio\/alfonso-jimenez-y-francisco-iglesias\/\",\"name\":\"Premios de la Industria en Espa\u00f1a - Cascajares\",\"isPartOf\":{\"@id\":\"https:\/\/anteriores.premiosdelaindustria.es\/2023\/#website\"},\"datePublished\":\"2023-10-26T08:40:23+00:00\",\"dateModified\":\"2024-04-16T14:24:03+00:00\",\"breadcrumb\":{\"@id\":\"https:\/\/anteriores.premiosdelaindustria.es\/2023\/inicio\/alfonso-jimenez-y-francisco-iglesias\/#breadcrumb\"},\"inLanguage\":\"es\",\"potentialAction\":[{\"@type\":\"ReadAction\",\"target\":[\"https:\/\/anteriores.premiosdelaindustria.es\/2023\/inicio\/alfonso-jimenez-y-francisco-iglesias\/\"]}]},{\"@type\":\"BreadcrumbList\",\"@id\":\"https:\/\/anteriores.premiosdelaindustria.es\/2023\/inicio\/alfonso-jimenez-y-francisco-iglesias\/#breadcrumb\",\"itemListElement\":[{\"@type\":\"ListItem\",\"position\":1,\"name\":\"Portada\",\"item\":\"https:\/\/anteriores.premiosdelaindustria.es\/2023\/\"},{\"@type\":\"ListItem\",\"position\":2,\"name\":\"inicio\",\"item\":\"https:\/\/anteriores.premiosdelaindustria.es\/2023\/\"},{\"@type\":\"ListItem\",\"position\":3,\"name\":\"Alfonso Jim\u00e9nez y Francisco Iglesias\"}]},{\"@type\":\"WebSite\",\"@id\":\"https:\/\/anteriores.premiosdelaindustria.es\/2023\/#website\",\"url\":\"https:\/\/anteriores.premiosdelaindustria.es\/2023\/\",\"name\":\"Premios de la Industria 2023\",\"description\":\"Reconocer la importancia de la ingenier\u00eda en el desarrollo de la sociedad y de la industria\",\"potentialAction\":[{\"@type\":\"SearchAction\",\"target\":{\"@type\":\"EntryPoint\",\"urlTemplate\":\"https:\/\/anteriores.premiosdelaindustria.es\/2023\/?s={search_term_string}\"},\"query-input\":\"required name=search_term_string\"}],\"inLanguage\":\"es\"}]}<\/script>\n<!-- \/ Yoast SEO plugin. -->","yoast_head_json":{"title":"Premios de la Industria en Espa\u00f1a - Cascajares","robots":{"index":"index","follow":"follow","max-snippet":"max-snippet:-1","max-image-preview":"max-image-preview:large","max-video-preview":"max-video-preview:-1"},"canonical":"https:\/\/anteriores.premiosdelaindustria.es\/2023\/inicio\/alfonso-jimenez-y-francisco-iglesias\/","og_locale":"es_ES","og_type":"article","og_title":"Premios de la Industria en Espa\u00f1a - Cascajares","og_description":"trayectoria profesional Alfonso Jim\u00e9nez y Francisco Iglesias Alfonso Jim\u00e9nez y Francisco Iglesias, socios fundadores de Cascajares, recibir\u00e1n sendos reconocimientos a sus trayectorias profesionales en los VI Premios de la Industria, en una gala que tendr\u00e1 lugar el pr\u00f3ximo 26 de octubre en el Auditorio del Centro Cultural Miguel Delibes de Valladolid. El jurado de los [&hellip;]","og_url":"https:\/\/anteriores.premiosdelaindustria.es\/2023\/inicio\/alfonso-jimenez-y-francisco-iglesias\/","og_site_name":"Premios de la Industria 2023","article_modified_time":"2024-04-16T14:24:03+00:00","og_image":[{"url":"https:\/\/anteriores.premiosdelaindustria.es\/2023\/wp-content\/uploads\/sites\/13\/2023\/10\/7-Trayectoria-Premiado-2023.jpg"}],"twitter_card":"summary_large_image","twitter_misc":{"Tiempo de lectura":"2 minutos"},"schema":{"@context":"https:\/\/schema.org","@graph":[{"@type":"WebPage","@id":"https:\/\/anteriores.premiosdelaindustria.es\/2023\/inicio\/alfonso-jimenez-y-francisco-iglesias\/","url":"https:\/\/anteriores.premiosdelaindustria.es\/2023\/inicio\/alfonso-jimenez-y-francisco-iglesias\/","name":"Premios de la Industria en Espa\u00f1a - Cascajares","isPartOf":{"@id":"https:\/\/anteriores.premiosdelaindustria.es\/2023\/#website"},"datePublished":"2023-10-26T08:40:23+00:00","dateModified":"2024-04-16T14:24:03+00:00","breadcrumb":{"@id":"https:\/\/anteriores.premiosdelaindustria.es\/2023\/inicio\/alfonso-jimenez-y-francisco-iglesias\/#breadcrumb"},"inLanguage":"es","potentialAction":[{"@type":"ReadAction","target":["https:\/\/anteriores.premiosdelaindustria.es\/2023\/inicio\/alfonso-jimenez-y-francisco-iglesias\/"]}]},{"@type":"BreadcrumbList","@id":"https:\/\/anteriores.premiosdelaindustria.es\/2023\/inicio\/alfonso-jimenez-y-francisco-iglesias\/#breadcrumb","itemListElement":[{"@type":"ListItem","position":1,"name":"Portada","item":"https:\/\/anteriores.premiosdelaindustria.es\/2023\/"},{"@type":"ListItem","position":2,"name":"inicio","item":"https:\/\/anteriores.premiosdelaindustria.es\/2023\/"},{"@type":"ListItem","position":3,"name":"Alfonso Jim\u00e9nez y Francisco Iglesias"}]},{"@type":"WebSite","@id":"https:\/\/anteriores.premiosdelaindustria.es\/2023\/#website","url":"https:\/\/anteriores.premiosdelaindustria.es\/2023\/","name":"Premios de la Industria 2023","description":"Reconocer la importancia de la ingenier\u00eda en el desarrollo de la sociedad y de la industria","potentialAction":[{"@type":"SearchAction","target":{"@type":"EntryPoint","urlTemplate":"https:\/\/anteriores.premiosdelaindustria.es\/2023\/?s={search_term_string}"},"query-input":"required name=search_term_string"}],"inLanguage":"es"}]}},"_links":{"self":[{"href":"https:\/\/anteriores.premiosdelaindustria.es\/2023\/wp-json\/wp\/v2\/pages\/1976","targetHints":{"allow":["GET"]}}],"collection":[{"href":"https:\/\/anteriores.premiosdelaindustria.es\/2023\/wp-json\/wp\/v2\/pages"}],"about":[{"href":"https:\/\/anteriores.premiosdelaindustria.es\/2023\/wp-json\/wp\/v2\/types\/page"}],"author":[{"embeddable":true,"href":"https:\/\/anteriores.premiosdelaindustria.es\/2023\/wp-json\/wp\/v2\/users\/6"}],"replies":[{"embeddable":true,"href":"https:\/\/anteriores.premiosdelaindustria.es\/2023\/wp-json\/wp\/v2\/comments?post=1976"}],"version-history":[{"count":3,"href":"https:\/\/anteriores.premiosdelaindustria.es\/2023\/wp-json\/wp\/v2\/pages\/1976\/revisions"}],"predecessor-version":[{"id":2238,"href":"https:\/\/anteriores.premiosdelaindustria.es\/2023\/wp-json\/wp\/v2\/pages\/1976\/revisions\/2238"}],"up":[{"embeddable":true,"href":"https:\/\/anteriores.premiosdelaindustria.es\/2023\/wp-json\/wp\/v2\/pages\/1715"}],"wp:attachment":[{"href":"https:\/\/anteriores.premiosdelaindustria.es\/2023\/wp-json\/wp\/v2\/media?parent=1976"}],"curies":[{"name":"wp","href":"https:\/\/api.w.org\/{rel}","templated":true}]}}