{"id":3218,"date":"2022-11-14T18:18:45","date_gmt":"2022-11-14T17:18:45","guid":{"rendered":"https:\/\/anteriores.premiosdelaindustria.es\/2022\/?page_id=3218"},"modified":"2022-11-28T12:36:50","modified_gmt":"2022-11-28T11:36:50","slug":"finalistas-premios-industria-2022","status":"publish","type":"page","link":"https:\/\/anteriores.premiosdelaindustria.es\/2022\/finalistas-premios-industria-2022\/","title":{"rendered":"Finalistas 2022"},"content":{"rendered":"<section class=\"wpb-content-wrapper\"><p>[vc_row css_animation=\u00bb\u00bb row_type=\u00bbrow\u00bb use_row_as_full_screen_section=\u00bbno\u00bb type=\u00bbfull_width\u00bb angled_section=\u00bbno\u00bb text_align=\u00bbleft\u00bb background_image_as_pattern=\u00bbwithout_pattern\u00bb][vc_column][vc_column_text]<\/p>\n<h1 style=\"text-align: center;\">Finalistas de los V Premios de la Industria de ingenierosVA<\/h1>\n<p>[\/vc_column_text][vc_separator type=\u00bbnormal\u00bb][vc_empty_space][\/vc_column][\/vc_row][vc_row css_animation=\u00bb\u00bb row_type=\u00bbrow\u00bb use_row_as_full_screen_section=\u00bbno\u00bb type=\u00bbfull_width\u00bb angled_section=\u00bbno\u00bb text_align=\u00bbleft\u00bb background_image_as_pattern=\u00bbwithout_pattern\u00bb][vc_column][vc_column_text]La <strong>quinta edici\u00f3n de los Premios de la Industria de ingenierosVA<\/strong> entra en la recta final para reconocer los esfuerzos, novedades y el trabajo del entramado empresarial de la Industria y la Ingenier\u00eda en Valladolid dando a conocer los finalistas. Tras recibir un <strong>gran n\u00famero de propuestas para participar en los premios los finalistas en cada una de las categor\u00edas<\/strong> buscan afianzarse como un referente en la provincia y la Comunidad.<\/p>\n<p>Gracias a la <strong>calidad de las propuestas<\/strong> la selecci\u00f3n este a\u00f1o de los <strong>finalistas<\/strong> ha supuesto un nuevo reto y ha servido adem\u00e1s para confirmar el <strong>alto nivel de innovaci\u00f3n dentro de la Industria que existe en Valladolid<\/strong>, aportando riqueza, conocimiento y avances con contribuyen al desarrollo de la sociedad.[\/vc_column_text][vc_empty_space height=\u00bb62px\u00bb][\/vc_column][\/vc_row][vc_row css_animation=\u00bb\u00bb row_type=\u00bbrow\u00bb use_row_as_full_screen_section=\u00bbno\u00bb type=\u00bbfull_width\u00bb angled_section=\u00bbno\u00bb text_align=\u00bbleft\u00bb background_image_as_pattern=\u00bbwithout_pattern\u00bb][vc_column][vc_separator type=\u00bbnormal\u00bb color=\u00bb#006699&#8243;][vc_empty_space height=\u00bb42px\u00bb][vc_column_text]<\/p>\n<h4 style=\"text-align: center; font-weight: bold;\">Categor\u00eda \u2018Startup industrial m\u00e1s destacada\u2019<\/h4>\n<p>[\/vc_column_text][vc_empty_space height=\u00bb42px\u00bb][\/vc_column][\/vc_row][vc_row css_animation=\u00bb\u00bb row_type=\u00bbrow\u00bb use_row_as_full_screen_section=\u00bbno\u00bb type=\u00bbfull_width\u00bb angled_section=\u00bbno\u00bb text_align=\u00bbleft\u00bb background_image_as_pattern=\u00bbwithout_pattern\u00bb][vc_column width=\u00bb1\/4&#8243;][vc_column_text]<\/p>\n<p style=\"text-align: center;\"><span style=\"color: #006699;\"><strong>\u00c9SEC\u00c8 Group<\/strong><\/span><\/p>\n<p>[\/vc_column_text][vc_empty_space][vc_single_image image=\u00bb3225&#8243; img_size=\u00bblarge\u00bb alignment=\u00bbcenter\u00bb onclick=\u00bbcustom_link\u00bb img_link_target=\u00bb_blank\u00bb qode_css_animation=\u00bb\u00bb link=\u00bbhttps:\/\/www.esecegroup.com\/es\/\u00bb][vc_empty_space][vc_column_text]En plena expansi\u00f3n de la empresa promovieron una acci\u00f3n de comunicaci\u00f3n interna para reforzar el nuevo naming. Crearon un branding personalizado para cada integrante del grupo que gener\u00f3 un fuerte sentido de implicaci\u00f3n y pertenencia en el equipo.[\/vc_column_text][\/vc_column][vc_column width=\u00bb1\/4&#8243;][vc_column_text]<\/p>\n<p style=\"text-align: center;\"><span style=\"color: #006699;\"><strong>Grupo Alimentario Campos de Castilla 1986 SL<\/strong><\/span><\/p>\n<p>[\/vc_column_text][vc_empty_space][vc_single_image image=\u00bb3224&#8243; img_size=\u00bblarge\u00bb alignment=\u00bbcenter\u00bb onclick=\u00bbcustom_link\u00bb img_link_target=\u00bb_blank\u00bb qode_css_animation=\u00bb\u00bb link=\u00bbhttps:\/\/kampanera.com\/\u00bb][vc_empty_space][vc_column_text]A trav\u00e9s de la marca y su imagen buscan transmitir a los consumidores el compromiso de la empresa con la alimentaci\u00f3n de calidad, sana y natural, estableciendo el nexo necesario entre lo tradicional y lo moderno y tejiendo una red entre lo rural y lo urbano.[\/vc_column_text][\/vc_column][vc_column width=\u00bb1\/4&#8243;][vc_column_text]<\/p>\n<p style=\"text-align: center;\"><span style=\"color: #006699;\"><strong>LEIAL TECHNOLOGIES, S.L.<\/strong><\/span><\/p>\n<p>[\/vc_column_text][vc_empty_space][vc_single_image image=\u00bb3247&#8243; img_size=\u00bblarge\u00bb alignment=\u00bbcenter\u00bb onclick=\u00bbcustom_link\u00bb img_link_target=\u00bb_blank\u00bb qode_css_animation=\u00bb\u00bb link=\u00bbhttps:\/\/www.leialtechnologies.com\/\u00bb][vc_empty_space][vc_column_text]Su producto consigue unificar el aprendizaje de robots ya que permite aprender a manejar cualquier tipo de marca. Un gran avance en la formaci\u00f3n actual que permitir\u00e1 abrir las posibilidades laborales en la industria de la rob\u00f3tica.[\/vc_column_text][\/vc_column][vc_column width=\u00bb1\/4&#8243;][vc_column_text]<\/p>\n<p style=\"text-align: center;\"><span style=\"color: #006699;\"><strong>Therminer<\/strong><\/span><\/p>\n<p>[\/vc_column_text][vc_empty_space][vc_single_image image=\u00bb3245&#8243; img_size=\u00bblarge\u00bb alignment=\u00bbcenter\u00bb onclick=\u00bbcustom_link\u00bb img_link_target=\u00bb_blank\u00bb qode_css_animation=\u00bb\u00bb link=\u00bbhttps:\/\/therminer.com\/\u00bb][vc_empty_space][vc_column_text]Una iniciativa de negocio formada por ingenieros, donde se ha desarrollado una tecnolog\u00eda disruptiva y \u00fanica en el sector, que combinada con un modelo de negocio atractivo e innovador, est\u00e1 ya atajando varios problemas desde el enfoque de la eficiencia energ\u00e9tica.[\/vc_column_text][\/vc_column][\/vc_row][vc_row css_animation=\u00bb\u00bb row_type=\u00bbrow\u00bb use_row_as_full_screen_section=\u00bbno\u00bb type=\u00bbfull_width\u00bb angled_section=\u00bbno\u00bb text_align=\u00bbleft\u00bb background_image_as_pattern=\u00bbwithout_pattern\u00bb][vc_column][vc_empty_space][\/vc_column][\/vc_row][vc_row css_animation=\u00bb\u00bb row_type=\u00bbrow\u00bb use_row_as_full_screen_section=\u00bbno\u00bb type=\u00bbfull_width\u00bb angled_section=\u00bbno\u00bb text_align=\u00bbleft\u00bb background_image_as_pattern=\u00bbwithout_pattern\u00bb][vc_column][vc_separator type=\u00bbnormal\u00bb color=\u00bb#006699&#8243;][vc_empty_space height=\u00bb42px\u00bb][vc_column_text]<\/p>\n<h4 style=\"text-align: center; font-weight: bold;\">Categor\u00eda \u2018Mejor innovaci\u00f3n industrial\u2019<\/h4>\n<p>[\/vc_column_text][vc_empty_space height=\u00bb42px\u00bb][\/vc_column][\/vc_row][vc_row css_animation=\u00bb\u00bb row_type=\u00bbrow\u00bb use_row_as_full_screen_section=\u00bbno\u00bb type=\u00bbfull_width\u00bb angled_section=\u00bbno\u00bb text_align=\u00bbleft\u00bb background_image_as_pattern=\u00bbwithout_pattern\u00bb][vc_column width=\u00bb1\/3&#8243;][vc_column_text]<\/p>\n<p style=\"text-align: center;\"><span style=\"color: #006699;\"><strong>Emayor Synersight Technologies SL<\/strong><\/span><\/p>\n<p>[\/vc_column_text][vc_empty_space][vc_single_image image=\u00bb3233&#8243; img_size=\u00bblarge\u00bb alignment=\u00bbcenter\u00bb onclick=\u00bbcustom_link\u00bb img_link_target=\u00bb_blank\u00bb qode_css_animation=\u00bb\u00bb link=\u00bbhttps:\/\/www.synersight.es\/\u00bb][vc_empty_space][vc_column_text]Especializada en el desarrollo, fabricaci\u00f3n y puesta en marcha de Veh\u00edculos de Guiado Autom\u00e1tico (AGV), cuenta con un equipo multidisciplinar experto en<br \/>\nasesoramiento y consultor\u00eda, que ofrece soluciones log\u00edsticas 360 en la automatizaci\u00f3n de flujos de trabajo.[\/vc_column_text][vc_empty_space height=\u00bb70px\u00bb][\/vc_column][vc_column width=\u00bb1\/3&#8243;][vc_column_text]<\/p>\n<p style=\"text-align: center;\"><span style=\"color: #006699;\"><strong>Ingenier\u00eda y sistemas de ensayos no destructivos S.A.<\/strong><\/span><\/p>\n<p>[\/vc_column_text][vc_empty_space][vc_single_image image=\u00bb3229&#8243; img_size=\u00bblarge\u00bb alignment=\u00bbcenter\u00bb onclick=\u00bbcustom_link\u00bb img_link_target=\u00bb_blank\u00bb qode_css_animation=\u00bb\u00bb link=\u00bbhttps:\/\/www.isend.es\/es\u00bb][vc_empty_space][vc_column_text]Una empresa pionera en el segmento de los ensayos no destructivos (NDT) de productos met\u00e1licos en todas las etapas de su proceso de fabricaci\u00f3n, tanto en caliente como en fr\u00edo. Est\u00e1 especialmente enfocada en los productos largos.[\/vc_column_text][vc_empty_space height=\u00bb70px\u00bb][\/vc_column][vc_column width=\u00bb1\/3&#8243;][vc_column_text]<\/p>\n<p style=\"text-align: center;\"><span style=\"color: #006699;\"><strong>Iot21 Soluciones<\/strong><\/span><\/p>\n<p>[\/vc_column_text][vc_empty_space][vc_single_image image=\u00bb3230&#8243; img_size=\u00bblarge\u00bb alignment=\u00bbcenter\u00bb onclick=\u00bbcustom_link\u00bb img_link_target=\u00bb_blank\u00bb qode_css_animation=\u00bb\u00bb link=\u00bbhttps:\/\/www.iot21.es\/\u00bb][vc_empty_space][vc_column_text]Esta empresa de nueva creaci\u00f3n ha obtenido un proyecto innovador con una empresa del sector del vino, basado en tratamiento y an\u00e1lisis de datos, desarrollo de gr\u00e1ficas, control de calidad y trazabilidad tanto dentro de la empresa, como fuera en las instalaciones del cliente.[\/vc_column_text][vc_empty_space height=\u00bb70px\u00bb][\/vc_column][\/vc_row][vc_row css_animation=\u00bb\u00bb row_type=\u00bbrow\u00bb use_row_as_full_screen_section=\u00bbno\u00bb type=\u00bbfull_width\u00bb angled_section=\u00bbno\u00bb text_align=\u00bbleft\u00bb background_image_as_pattern=\u00bbwithout_pattern\u00bb][vc_column width=\u00bb1\/3&#8243;][vc_column_text]<\/p>\n<p style=\"text-align: center;\"><span style=\"color: #006699;\"><strong>MAHLE SmartBike Systems<\/strong><\/span><\/p>\n<p>[\/vc_column_text][vc_empty_space][vc_single_image image=\u00bb3231&#8243; img_size=\u00bblarge\u00bb alignment=\u00bbcenter\u00bb onclick=\u00bbcustom_link\u00bb img_link_target=\u00bb_blank\u00bb qode_css_animation=\u00bb\u00bb link=\u00bbhttps:\/\/mahle-smartbike.com\/\u00bb][vc_empty_space][vc_column_text]Aplica la innovaci\u00f3n en todos sus procesos para el desarrollo de sistemas de asistencia para bicicletas el\u00e9ctricas. Sus soluciones constituyen una alternativa a los autom\u00f3viles en zonas urbanas contribuyendo as\u00ed a un futuro m\u00e1s sostenible.[\/vc_column_text][\/vc_column][vc_column width=\u00bb1\/3&#8243;][vc_column_text]<\/p>\n<p style=\"text-align: center;\"><span style=\"color: #006699;\"><strong>Onyx Solar<\/strong><\/span><\/p>\n<p>[\/vc_column_text][vc_empty_space][vc_single_image image=\u00bb3232&#8243; img_size=\u00bblarge\u00bb alignment=\u00bbcenter\u00bb onclick=\u00bbcustom_link\u00bb img_link_target=\u00bb_blank\u00bb qode_css_animation=\u00bb\u00bb link=\u00bbhttps:\/\/www.onyxsolar.es\/\u00bb][vc_empty_space][vc_column_text]Una empresa l\u00edder mundial en el vidrio solar arquitect\u00f3nico para edificios. Desde su fundaci\u00f3n en 2009 en \u00c1vila, ha llevado a cabo m\u00e1s de 400 proyectos en 60 pa\u00edses a lo largo del mundo.[\/vc_column_text][\/vc_column][vc_column width=\u00bb1\/3&#8243;][vc_column_text]<\/p>\n<p style=\"text-align: center;\"><span style=\"color: #006699;\"><strong>The 42 Degrees Company<\/strong><\/span><\/p>\n<p>[\/vc_column_text][vc_empty_space][vc_single_image image=\u00bb3234&#8243; img_size=\u00bblarge\u00bb alignment=\u00bbcenter\u00bb onclick=\u00bbcustom_link\u00bb img_link_target=\u00bb_blank\u00bb qode_css_animation=\u00bb\u00bb link=\u00bbhttps:\/\/www.the42degreescompany.com\/\u00bb][vc_empty_space][vc_column_text]Tras idear un envase con la capacidad de auto-calentarse aplicando una reacci\u00f3n<br \/>\nqu\u00edmica exot\u00e9rmica en el interior del mismo, ha logrado su compleja industrializaci\u00f3n. Su f\u00e1brica en Valladolid emplea a m\u00e1s de 25 personas\u00a0 y ha logrado posicionar su producto en 25 pa\u00edses.[\/vc_column_text][\/vc_column][\/vc_row][vc_row css_animation=\u00bb\u00bb row_type=\u00bbrow\u00bb use_row_as_full_screen_section=\u00bbno\u00bb type=\u00bbfull_width\u00bb angled_section=\u00bbno\u00bb text_align=\u00bbleft\u00bb background_image_as_pattern=\u00bbwithout_pattern\u00bb][vc_column][vc_empty_space][\/vc_column][\/vc_row][vc_row css_animation=\u00bb\u00bb row_type=\u00bbrow\u00bb use_row_as_full_screen_section=\u00bbno\u00bb type=\u00bbfull_width\u00bb angled_section=\u00bbno\u00bb text_align=\u00bbleft\u00bb background_image_as_pattern=\u00bbwithout_pattern\u00bb][vc_column][vc_separator type=\u00bbnormal\u00bb color=\u00bb#006699&#8243;][vc_empty_space height=\u00bb42px\u00bb][vc_column_text]<\/p>\n<h4 style=\"text-align: center; font-weight: bold;\">Categor\u00eda \u2018Industria Sostenible\/Socialmente Responsable\u2019<\/h4>\n<p>[\/vc_column_text][vc_empty_space height=\u00bb42px\u00bb][\/vc_column][\/vc_row][vc_row css_animation=\u00bb\u00bb row_type=\u00bbrow\u00bb use_row_as_full_screen_section=\u00bbno\u00bb type=\u00bbfull_width\u00bb angled_section=\u00bbno\u00bb text_align=\u00bbleft\u00bb background_image_as_pattern=\u00bbwithout_pattern\u00bb][vc_column width=\u00bb1\/4&#8243;][vc_column_text]<\/p>\n<p style=\"text-align: center;\"><span style=\"color: #006699;\"><strong>\u00c9SEC\u00c8 Group<\/strong><\/span><\/p>\n<p>[\/vc_column_text][vc_empty_space][vc_single_image image=\u00bb3238&#8243; img_size=\u00bblarge\u00bb alignment=\u00bbcenter\u00bb onclick=\u00bbcustom_link\u00bb img_link_target=\u00bb_blank\u00bb qode_css_animation=\u00bb\u00bb link=\u00bbhttps:\/\/www.esecegroup.com\/es\/\u00bb][vc_empty_space][vc_column_text]El proyecto \u00ab#Revamping for the planet\u00bb aporta su peque\u00f1o granito de arena en la lucha contra el cambio clim\u00e1tico y calentamiento global. No solo ahorra energ\u00eda sino que tambi\u00e9n costes de suministros para las industrias.[\/vc_column_text][\/vc_column][vc_column width=\u00bb1\/4&#8243;][vc_column_text]<\/p>\n<p style=\"text-align: center;\"><span style=\"color: #006699;\"><strong>GLOBE OPERATOR TELECOM<\/strong><\/span><\/p>\n<p>[\/vc_column_text][vc_empty_space][vc_single_image image=\u00bb3237&#8243; img_size=\u00bblarge\u00bb alignment=\u00bbcenter\u00bb onclick=\u00bbcustom_link\u00bb img_link_target=\u00bb_blank\u00bb qode_css_animation=\u00bb\u00bb link=\u00bbhttps:\/\/www.globetelecom.es\/\u00bb][vc_empty_space][vc_column_text]Desarrolla fundamentalmente su actividad en el medio rural, dotando de internet, telefon\u00eda fija y m\u00f3vil y televisi\u00f3n a muchos pueblos de la regi\u00f3n que carec\u00edan del servicio o era muy deficiente.[\/vc_column_text][\/vc_column][vc_column width=\u00bb1\/4&#8243;][vc_column_text]<\/p>\n<p style=\"text-align: center;\"><span style=\"color: #006699;\"><strong>Nissan<\/strong><\/span><\/p>\n<p>[\/vc_column_text][vc_empty_space][vc_single_image image=\u00bb3239&#8243; img_size=\u00bblarge\u00bb alignment=\u00bbcenter\u00bb onclick=\u00bbcustom_link\u00bb img_link_target=\u00bb_blank\u00bb qode_css_animation=\u00bb\u00bb link=\u00bbhttps:\/\/www.nissan.es\/\u00bb][vc_empty_space][vc_column_text]Ha apostado por la continuidad de la actividad en la regi\u00f3n, reorientando su business a una nueva oportunidad de fabricaci\u00f3n de componentes de fabricaci\u00f3n serie y recambios de la Alianza Nissan-Renault.[\/vc_column_text][\/vc_column][vc_column width=\u00bb1\/4&#8243;][vc_column_text]<\/p>\n<p style=\"text-align: center;\"><span style=\"color: #006699;\"><strong>Onyx Solar<\/strong><\/span><\/p>\n<p>[\/vc_column_text][vc_empty_space][vc_single_image image=\u00bb3240&#8243; img_size=\u00bblarge\u00bb alignment=\u00bbcenter\u00bb onclick=\u00bbcustom_link\u00bb img_link_target=\u00bb_blank\u00bb qode_css_animation=\u00bb\u00bb link=\u00bbhttps:\/\/www.onyxsolar.es\/\u00bb][vc_empty_space][vc_column_text]Ha desarrollado el primer vidrio arquitect\u00f3nico transparente para edificios que, adem\u00e1s de generar energ\u00eda fotovoltaica, filtra la entrada de calor al interior del edificio. De esta forma aporta generaci\u00f3n energ\u00e9tica y ahorro energ\u00e9tico.[\/vc_column_text][\/vc_column][\/vc_row][vc_row css_animation=\u00bb\u00bb row_type=\u00bbrow\u00bb use_row_as_full_screen_section=\u00bbno\u00bb type=\u00bbfull_width\u00bb angled_section=\u00bbno\u00bb text_align=\u00bbleft\u00bb background_image_as_pattern=\u00bbwithout_pattern\u00bb][vc_column][vc_empty_space][\/vc_column][\/vc_row][vc_row css_animation=\u00bb\u00bb row_type=\u00bbrow\u00bb use_row_as_full_screen_section=\u00bbno\u00bb type=\u00bbfull_width\u00bb angled_section=\u00bbno\u00bb text_align=\u00bbleft\u00bb background_image_as_pattern=\u00bbwithout_pattern\u00bb][vc_column][vc_separator type=\u00bbnormal\u00bb color=\u00bb#006699&#8243;][vc_empty_space height=\u00bb42px\u00bb][vc_column_text]<\/p>\n<h4 style=\"text-align: center; font-weight: bold;\">Categor\u00eda \u2018Mejor transformaci\u00f3n digital de una industria\u2019<\/h4>\n<p>[\/vc_column_text][vc_empty_space height=\u00bb42px\u00bb][\/vc_column][\/vc_row][vc_row css_animation=\u00bb\u00bb row_type=\u00bbrow\u00bb use_row_as_full_screen_section=\u00bbno\u00bb type=\u00bbfull_width\u00bb angled_section=\u00bbno\u00bb text_align=\u00bbleft\u00bb background_image_as_pattern=\u00bbwithout_pattern\u00bb][vc_column width=\u00bb1\/4&#8243;][vc_column_text]<\/p>\n<p style=\"text-align: center;\"><span style=\"color: #006699;\"><strong>Bodega Matarromera<\/strong><\/span><\/p>\n<p>[\/vc_column_text][vc_empty_space][vc_single_image image=\u00bb3243&#8243; img_size=\u00bblarge\u00bb alignment=\u00bbcenter\u00bb onclick=\u00bbcustom_link\u00bb img_link_target=\u00bb_blank\u00bb qode_css_animation=\u00bb\u00bb link=\u00bbhttps:\/\/matarromera.es\/\u00bb][vc_empty_space][vc_column_text]Su nuevo plan estrat\u00e9gico de digitalizaci\u00f3n abarca toda la cadena de valor de la empresa, desde el campo hasta la llegada del producto al cliente final. Las personas y la tecnolog\u00eda como medio para conseguir los objetivos son\u00a0la base del planteamiento innovador.[\/vc_column_text][\/vc_column][vc_column width=\u00bb1\/4&#8243;][vc_column_text]<\/p>\n<p style=\"text-align: center;\"><span style=\"color: #006699;\"><strong>Hiperbaric<\/strong><\/span><\/p>\n<p>[\/vc_column_text][vc_empty_space][vc_single_image image=\u00bb3242&#8243; img_size=\u00bblarge\u00bb alignment=\u00bbcenter\u00bb onclick=\u00bbcustom_link\u00bb img_link_target=\u00bb_blank\u00bb qode_css_animation=\u00bb\u00bb link=\u00bbhttps:\/\/www.hiperbaric.com\/es\/\u00bb][vc_empty_space][vc_column_text]Ha conseguido transformarse en una f\u00e1brica digital conectada, mediante la implantaci\u00f3n de tecnolog\u00edas pilares de la industria 4.0 en su proceso productivo, desarrollando soluciones propias disruptivas respecto a las soluciones comerciales existentes en el mercado.[\/vc_column_text][\/vc_column][vc_column width=\u00bb1\/4&#8243;][vc_column_text]<\/p>\n<p style=\"text-align: center;\"><span style=\"color: #006699;\"><strong>Nissan<\/strong><\/span><\/p>\n<p>[\/vc_column_text][vc_empty_space][vc_single_image image=\u00bb3244&#8243; img_size=\u00bblarge\u00bb alignment=\u00bbcenter\u00bb onclick=\u00bbcustom_link\u00bb img_link_target=\u00bb_blank\u00bb qode_css_animation=\u00bb\u00bb link=\u00bbhttps:\/\/www.nissan.es\/\u00bb][vc_empty_space][vc_column_text]La novedosa tecnolog\u00eda de Planning Manufacturing PMP cubre todo el proceso, desde la previsi\u00f3n de ventas hasta la generaci\u00f3n de \u00f3rdenes de fabricaci\u00f3n buscando el equilibrio entre capacidad productiva y el stock \u00f3ptimo.[\/vc_column_text][\/vc_column][vc_column width=\u00bb1\/4&#8243;][vc_column_text]<\/p>\n<p style=\"text-align: center;\"><span style=\"color: #006699;\"><strong>Therminer<\/strong><\/span><\/p>\n<p>[\/vc_column_text][vc_empty_space][vc_single_image image=\u00bb3245&#8243; img_size=\u00bblarge\u00bb alignment=\u00bbcenter\u00bb onclick=\u00bbcustom_link\u00bb img_link_target=\u00bb_blank\u00bb qode_css_animation=\u00bb\u00bb link=\u00bbhttps:\/\/therminer.com\/\u00bb][vc_empty_space][vc_column_text]Su proyecto tiene un triple impacto, destinado a generar valor social y medioambiental para el conjunto de la sociedad, as\u00ed como m\u00e9todo de generaci\u00f3n de empleo y riqueza.[\/vc_column_text][\/vc_column][\/vc_row][vc_row css_animation=\u00bb\u00bb row_type=\u00bbrow\u00bb use_row_as_full_screen_section=\u00bbno\u00bb type=\u00bbfull_width\u00bb angled_section=\u00bbno\u00bb text_align=\u00bbleft\u00bb background_image_as_pattern=\u00bbwithout_pattern\u00bb][vc_column][vc_empty_space][\/vc_column][\/vc_row][vc_row css_animation=\u00bb\u00bb row_type=\u00bbrow\u00bb use_row_as_full_screen_section=\u00bbno\u00bb type=\u00bbfull_width\u00bb angled_section=\u00bbno\u00bb text_align=\u00bbleft\u00bb background_image_as_pattern=\u00bbwithout_pattern\u00bb][vc_column][vc_empty_space height=\u00bb40px\u00bb][\/vc_column][\/vc_row]<\/p>\n<\/section>","protected":false},"excerpt":{"rendered":"<p>[vc_row css_animation=\u00bb\u00bb row_type=\u00bbrow\u00bb use_row_as_full_screen_section=\u00bbno\u00bb type=\u00bbfull_width\u00bb angled_section=\u00bbno\u00bb text_align=\u00bbleft\u00bb background_image_as_pattern=\u00bbwithout_pattern\u00bb][vc_column][vc_column_text] Finalistas de los V Premios de la Industria de ingenierosVA [\/vc_column_text][vc_separator type=\u00bbnormal\u00bb][vc_empty_space][\/vc_column][\/vc_row][vc_row css_animation=\u00bb\u00bb row_type=\u00bbrow\u00bb use_row_as_full_screen_section=\u00bbno\u00bb type=\u00bbfull_width\u00bb angled_section=\u00bbno\u00bb text_align=\u00bbleft\u00bb background_image_as_pattern=\u00bbwithout_pattern\u00bb][vc_column][vc_column_text]La quinta edici\u00f3n de los Premios de la Industria de ingenierosVA entra en la recta final para reconocer los&#8230;<\/p>\n","protected":false},"author":1,"featured_media":3120,"parent":0,"menu_order":0,"comment_status":"closed","ping_status":"closed","template":"","meta":{"footnotes":""},"yoast_head":"<!-- This site is optimized with the Yoast SEO plugin v20.6 - https:\/\/yoast.com\/wordpress\/plugins\/seo\/ -->\n<title>Finalistas 2022 - Premios de la Industria de ingenierosVA 2022<\/title>\n<meta name=\"description\" content=\"La quinta edici\u00f3n de los Premios de la Industria de ingenierosVA entra en la recta final para reconocer los esfuerzos, novedades y el trabajo del entramado empresarial de la Industria y la Ingenier\u00eda en Valladolid dando a conocer los finalistas. Tras recibir un gran n\u00famero de propuestas para participar en los premios los finalistas en cada una de las categor\u00edas buscan afianzarse como un referente en la provincia y la Comunidad.\" \/>\n<meta name=\"robots\" content=\"index, follow, max-snippet:-1, max-image-preview:large, max-video-preview:-1\" \/>\n<link rel=\"canonical\" href=\"https:\/\/anteriores.premiosdelaindustria.es\/2022\/finalistas-premios-industria-2022\/\" \/>\n<meta property=\"og:locale\" content=\"es_ES\" \/>\n<meta property=\"og:type\" content=\"article\" \/>\n<meta property=\"og:title\" content=\"Finalistas 2022 - Premios de la Industria de ingenierosVA 2022\" \/>\n<meta property=\"og:description\" content=\"La quinta edici\u00f3n de los Premios de la Industria de ingenierosVA entra en la recta final para reconocer los esfuerzos, novedades y el trabajo del entramado empresarial de la Industria y la Ingenier\u00eda en Valladolid dando a conocer los finalistas. Tras recibir un gran n\u00famero de propuestas para participar en los premios los finalistas en cada una de las categor\u00edas buscan afianzarse como un referente en la provincia y la Comunidad.\" \/>\n<meta property=\"og:url\" content=\"https:\/\/anteriores.premiosdelaindustria.es\/2022\/finalistas-premios-industria-2022\/\" \/>\n<meta property=\"og:site_name\" content=\"Premios de la Industria de ingenierosVA 2022\" \/>\n<meta property=\"article:modified_time\" content=\"2022-11-28T11:36:50+00:00\" \/>\n<meta property=\"og:image\" content=\"https:\/\/anteriores.premiosdelaindustria.es\/2022\/wp-content\/uploads\/sites\/11\/2022\/10\/premiosindustria_2112x704-1.jpg\" \/>\n\t<meta property=\"og:image:width\" content=\"2115\" \/>\n\t<meta property=\"og:image:height\" content=\"705\" \/>\n\t<meta property=\"og:image:type\" content=\"image\/jpeg\" \/>\n<meta name=\"twitter:card\" content=\"summary_large_image\" \/>\n<meta name=\"twitter:label1\" content=\"Tiempo de lectura\" \/>\n\t<meta name=\"twitter:data1\" content=\"6 minutos\" \/>\n<script type=\"application\/ld+json\" class=\"yoast-schema-graph\">{\"@context\":\"https:\/\/schema.org\",\"@graph\":[{\"@type\":\"WebPage\",\"@id\":\"https:\/\/anteriores.premiosdelaindustria.es\/2022\/finalistas-premios-industria-2022\/\",\"url\":\"https:\/\/anteriores.premiosdelaindustria.es\/2022\/finalistas-premios-industria-2022\/\",\"name\":\"Finalistas 2022 - Premios de la Industria de ingenierosVA 2022\",\"isPartOf\":{\"@id\":\"https:\/\/anteriores.premiosdelaindustria.es\/2022\/#website\"},\"datePublished\":\"2022-11-14T17:18:45+00:00\",\"dateModified\":\"2022-11-28T11:36:50+00:00\",\"description\":\"La quinta edici\u00f3n de los Premios de la Industria de ingenierosVA entra en la recta final para reconocer los esfuerzos, novedades y el trabajo del entramado empresarial de la Industria y la Ingenier\u00eda en Valladolid dando a conocer los finalistas. Tras recibir un gran n\u00famero de propuestas para participar en los premios los finalistas en cada una de las categor\u00edas buscan afianzarse como un referente en la provincia y la Comunidad.\",\"inLanguage\":\"es\",\"potentialAction\":[{\"@type\":\"ReadAction\",\"target\":[\"https:\/\/anteriores.premiosdelaindustria.es\/2022\/finalistas-premios-industria-2022\/\"]}]},{\"@type\":\"WebSite\",\"@id\":\"https:\/\/anteriores.premiosdelaindustria.es\/2022\/#website\",\"url\":\"https:\/\/anteriores.premiosdelaindustria.es\/2022\/\",\"name\":\"Premios de la Industria de ingenierosVA 2022\",\"description\":\"Reconocer la importancia de la ingenier\u00eda en el desarrollo de la sociedad y de la industria\",\"publisher\":{\"@id\":\"https:\/\/anteriores.premiosdelaindustria.es\/2022\/#organization\"},\"potentialAction\":[{\"@type\":\"SearchAction\",\"target\":{\"@type\":\"EntryPoint\",\"urlTemplate\":\"https:\/\/anteriores.premiosdelaindustria.es\/2022\/?s={search_term_string}\"},\"query-input\":\"required name=search_term_string\"}],\"inLanguage\":\"es\"},{\"@type\":\"Organization\",\"@id\":\"https:\/\/anteriores.premiosdelaindustria.es\/2022\/#organization\",\"name\":\"Premios de la Industria de ingenierosVA 2022\",\"url\":\"https:\/\/anteriores.premiosdelaindustria.es\/2022\/\",\"logo\":{\"@type\":\"ImageObject\",\"inLanguage\":\"es\",\"@id\":\"https:\/\/anteriores.premiosdelaindustria.es\/2022\/#\/schema\/logo\/image\/\",\"url\":\"https:\/\/anteriores.premiosdelaindustria.es\/2022\/wp-content\/uploads\/sites\/11\/2022\/10\/Logo-Premios-de-la-Industria-2022.jpg\",\"contentUrl\":\"https:\/\/anteriores.premiosdelaindustria.es\/2022\/wp-content\/uploads\/sites\/11\/2022\/10\/Logo-Premios-de-la-Industria-2022.jpg\",\"width\":1052,\"height\":286,\"caption\":\"Premios de la Industria de ingenierosVA 2022\"},\"image\":{\"@id\":\"https:\/\/anteriores.premiosdelaindustria.es\/2022\/#\/schema\/logo\/image\/\"}}]}<\/script>\n<!-- \/ Yoast SEO plugin. -->","yoast_head_json":{"title":"Finalistas 2022 - Premios de la Industria de ingenierosVA 2022","description":"La quinta edici\u00f3n de los Premios de la Industria de ingenierosVA entra en la recta final para reconocer los esfuerzos, novedades y el trabajo del entramado empresarial de la Industria y la Ingenier\u00eda en Valladolid dando a conocer los finalistas. Tras recibir un gran n\u00famero de propuestas para participar en los premios los finalistas en cada una de las categor\u00edas buscan afianzarse como un referente en la provincia y la Comunidad.","robots":{"index":"index","follow":"follow","max-snippet":"max-snippet:-1","max-image-preview":"max-image-preview:large","max-video-preview":"max-video-preview:-1"},"canonical":"https:\/\/anteriores.premiosdelaindustria.es\/2022\/finalistas-premios-industria-2022\/","og_locale":"es_ES","og_type":"article","og_title":"Finalistas 2022 - Premios de la Industria de ingenierosVA 2022","og_description":"La quinta edici\u00f3n de los Premios de la Industria de ingenierosVA entra en la recta final para reconocer los esfuerzos, novedades y el trabajo del entramado empresarial de la Industria y la Ingenier\u00eda en Valladolid dando a conocer los finalistas. Tras recibir un gran n\u00famero de propuestas para participar en los premios los finalistas en cada una de las categor\u00edas buscan afianzarse como un referente en la provincia y la Comunidad.","og_url":"https:\/\/anteriores.premiosdelaindustria.es\/2022\/finalistas-premios-industria-2022\/","og_site_name":"Premios de la Industria de ingenierosVA 2022","article_modified_time":"2022-11-28T11:36:50+00:00","og_image":[{"width":2115,"height":705,"url":"https:\/\/anteriores.premiosdelaindustria.es\/2022\/wp-content\/uploads\/sites\/11\/2022\/10\/premiosindustria_2112x704-1.jpg","type":"image\/jpeg"}],"twitter_card":"summary_large_image","twitter_misc":{"Tiempo de lectura":"6 minutos"},"schema":{"@context":"https:\/\/schema.org","@graph":[{"@type":"WebPage","@id":"https:\/\/anteriores.premiosdelaindustria.es\/2022\/finalistas-premios-industria-2022\/","url":"https:\/\/anteriores.premiosdelaindustria.es\/2022\/finalistas-premios-industria-2022\/","name":"Finalistas 2022 - Premios de la Industria de ingenierosVA 2022","isPartOf":{"@id":"https:\/\/anteriores.premiosdelaindustria.es\/2022\/#website"},"datePublished":"2022-11-14T17:18:45+00:00","dateModified":"2022-11-28T11:36:50+00:00","description":"La quinta edici\u00f3n de los Premios de la Industria de ingenierosVA entra en la recta final para reconocer los esfuerzos, novedades y el trabajo del entramado empresarial de la Industria y la Ingenier\u00eda en Valladolid dando a conocer los finalistas. Tras recibir un gran n\u00famero de propuestas para participar en los premios los finalistas en cada una de las categor\u00edas buscan afianzarse como un referente en la provincia y la Comunidad.","inLanguage":"es","potentialAction":[{"@type":"ReadAction","target":["https:\/\/anteriores.premiosdelaindustria.es\/2022\/finalistas-premios-industria-2022\/"]}]},{"@type":"WebSite","@id":"https:\/\/anteriores.premiosdelaindustria.es\/2022\/#website","url":"https:\/\/anteriores.premiosdelaindustria.es\/2022\/","name":"Premios de la Industria de ingenierosVA 2022","description":"Reconocer la importancia de la ingenier\u00eda en el desarrollo de la sociedad y de la industria","publisher":{"@id":"https:\/\/anteriores.premiosdelaindustria.es\/2022\/#organization"},"potentialAction":[{"@type":"SearchAction","target":{"@type":"EntryPoint","urlTemplate":"https:\/\/anteriores.premiosdelaindustria.es\/2022\/?s={search_term_string}"},"query-input":"required name=search_term_string"}],"inLanguage":"es"},{"@type":"Organization","@id":"https:\/\/anteriores.premiosdelaindustria.es\/2022\/#organization","name":"Premios de la Industria de ingenierosVA 2022","url":"https:\/\/anteriores.premiosdelaindustria.es\/2022\/","logo":{"@type":"ImageObject","inLanguage":"es","@id":"https:\/\/anteriores.premiosdelaindustria.es\/2022\/#\/schema\/logo\/image\/","url":"https:\/\/anteriores.premiosdelaindustria.es\/2022\/wp-content\/uploads\/sites\/11\/2022\/10\/Logo-Premios-de-la-Industria-2022.jpg","contentUrl":"https:\/\/anteriores.premiosdelaindustria.es\/2022\/wp-content\/uploads\/sites\/11\/2022\/10\/Logo-Premios-de-la-Industria-2022.jpg","width":1052,"height":286,"caption":"Premios de la Industria de ingenierosVA 2022"},"image":{"@id":"https:\/\/anteriores.premiosdelaindustria.es\/2022\/#\/schema\/logo\/image\/"}}]}},"_links":{"self":[{"href":"https:\/\/anteriores.premiosdelaindustria.es\/2022\/wp-json\/wp\/v2\/pages\/3218"}],"collection":[{"href":"https:\/\/anteriores.premiosdelaindustria.es\/2022\/wp-json\/wp\/v2\/pages"}],"about":[{"href":"https:\/\/anteriores.premiosdelaindustria.es\/2022\/wp-json\/wp\/v2\/types\/page"}],"author":[{"embeddable":true,"href":"https:\/\/anteriores.premiosdelaindustria.es\/2022\/wp-json\/wp\/v2\/users\/1"}],"replies":[{"embeddable":true,"href":"https:\/\/anteriores.premiosdelaindustria.es\/2022\/wp-json\/wp\/v2\/comments?post=3218"}],"version-history":[{"count":35,"href":"https:\/\/anteriores.premiosdelaindustria.es\/2022\/wp-json\/wp\/v2\/pages\/3218\/revisions"}],"predecessor-version":[{"id":3304,"href":"https:\/\/anteriores.premiosdelaindustria.es\/2022\/wp-json\/wp\/v2\/pages\/3218\/revisions\/3304"}],"wp:featuredmedia":[{"embeddable":true,"href":"https:\/\/anteriores.premiosdelaindustria.es\/2022\/wp-json\/wp\/v2\/media\/3120"}],"wp:attachment":[{"href":"https:\/\/anteriores.premiosdelaindustria.es\/2022\/wp-json\/wp\/v2\/media?parent=3218"}],"curies":[{"name":"wp","href":"https:\/\/api.w.org\/{rel}","templated":true}]}}